{"id":1561,"date":"2018-03-22T16:59:48","date_gmt":"2018-03-22T13:59:48","guid":{"rendered":"http:\/\/www.duranlar.com.tr\/duranlar\/?page_id=1561"},"modified":"2018-04-21T00:23:09","modified_gmt":"2018-04-20T21:23:09","slug":"kurumsal","status":"publish","type":"page","link":"https:\/\/www.duranlar.com.tr\/duranlar\/kurumsal\/","title":{"rendered":"Hakk\u0131m\u0131zda"},"content":{"rendered":"<p>T\u00fcrkiye\u2019de Bellona koltuk tak\u0131mlar\u0131, konsept haz\u0131rl\u0131klar\u0131, bayilikler ve birbirinden farkl\u0131 cam \u00fcretimleriyle \u00f6nemli ve k\u00f6kl\u00fc firmalar\u0131ndan biri olarak m\u00fc\u015fterilerimize hizmet sunmaktay\u0131z. <a href=\"https:\/\/www.prografik.pro\"><span style=\"color: #85868c;\">Fethiye<\/span>\u2019<\/a>de bulunmakta olan \u015firketimiz i\u00e7erisinde y\u00fczlerce personelimizle s\u00fcrekli olarak \u00e7al\u0131\u015farak h\u0131zl\u0131 ve kaliteli \u00fcretimi ger\u00e7ekle\u015ftiriyoruz.<\/p>\n<p>Ba\u015far\u0131m\u0131z\u0131 ve kalitemizi m\u00fc\u015fterilerimize yans\u0131t\u0131yor ve m\u00fc\u015fterilerimizin hayallerini ger\u00e7ekle\u015ftirme konusunda da yo\u011fun \u00e7al\u0131\u015fmalar yap\u0131yoruz. Kalite standartlar\u0131n\u0131 takip ederek \u00e7al\u0131\u015ft\u0131\u011f\u0131m\u0131z ve her zaman kaliteyi \u00fcst seviyelere \u00e7\u0131kartmay\u0131 hedefledi\u011fimiz \u00e7e\u015fitli \u00e7al\u0131\u015fmalar\u0131m\u0131z ve kampanyalar\u0131m\u0131zla hizmete devam ediyoruz.<\/p>\n<p>Uzun y\u0131llard\u0131r bir\u00e7ok m\u00fc\u015fteriye hizmet vermenin gururuyla, durmadan \u00e7al\u0131\u015f\u0131yoruz. Koltuk tak\u0131mlar\u0131nda da son derece kaliteli \u00fcr\u00fcnleri kullan\u0131yor ve Bellona koltuk tak\u0131mlar\u0131n\u0131n birbirinden farkl\u0131 \u00e7e\u015fitleriyle kaliteyi evlere ta\u015f\u0131yoruz.<\/p>\n<p>\u015eirket olarak hem mutfakta hem mobilya da hem de banyo da istenilmekte olan tasar\u0131m\u0131 tamamen m\u00fc\u015fteri odakl\u0131 d\u00fc\u015f\u00fcncemizle ger\u00e7ekle\u015ftiriyoruz. Son teknoloji \u00fcr\u00fcnlerle ve alan\u0131nda yeti\u015fmi\u015f olan personellerle \u00fcretimini ger\u00e7ekle\u015ftirdi\u011fimiz \u00fcr\u00fcnlerimizle m\u00fc\u015fterilerin ma\u011fdur olmas\u0131n\u0131 engelliyoruz. Herhangi bir \u015fekilde olu\u015facak olan ma\u011fduriyetlerde de \u015firket olarak almam\u0131z gereken sorumluluklar\u0131 al\u0131yoruz.<\/p>\n<p>Gerek cam \u00fcretimlerimizi gerekse di\u011fer \u00fcretimlerimizi i\u015f\u00e7i sa\u011fl\u0131\u011f\u0131 ve g\u00fcvenli\u011fi politikalar\u0131 dahilinde ger\u00e7ekle\u015ftirmeye \u00f6zenle dikkat ediyoruz. Uzmanlarla beraber \u00e7al\u0131\u015fmalar\u0131m\u0131z\u0131 geli\u015ftirerek m\u00fc\u015fterilerimizin \u00f6n\u00fcne getiriyoruz.<\/p>\n","protected":false},"excerpt":{"rendered":"<p>T\u00fcrkiye\u2019de Bellona koltuk tak\u0131mlar\u0131, konsept haz\u0131rl\u0131klar\u0131, bayilikler ve birbirinden farkl\u0131 cam \u00fcretimleriyle \u00f6nemli ve k\u00f6kl\u00fc firmalar\u0131ndan biri olarak m\u00fc\u015fterilerimize hizmet sunmaktay\u0131z. Fethiye\u2019de bulunmakta olan \u015firketimiz i\u00e7erisinde y\u00fczlerce personelimizle s\u00fcrekli olarak \u00e7al\u0131\u015farak h\u0131zl\u0131 ve kaliteli \u00fcretimi ger\u00e7ekle\u015ftiriyoruz. Ba\u015far\u0131m\u0131z\u0131 ve kalitemizi m\u00fc\u015fterilerimize yans\u0131t\u0131yor ve m\u00fc\u015fterilerimizin hayallerini ger\u00e7ekle\u015ftirme konusunda da yo\u011fun \u00e7al\u0131\u015fmalar yap\u0131yoruz. Kalite standartlar\u0131n\u0131 takip ederek \u00e7al\u0131\u015ft\u0131\u011f\u0131m\u0131z&hellip;<\/p>\n","protected":false},"author":1,"featured_media":0,"parent":0,"menu_order":0,"comment_status":"closed","ping_status":"closed","template":"","meta":{"footnotes":""},"class_list":["post-1561","page","type-page","status-publish","hentry","description-off"],"_links":{"self":[{"href":"https:\/\/www.duranlar.com.tr\/duranlar\/wp-json\/wp\/v2\/pages\/1561","targetHints":{"allow":["GET"]}}],"collection":[{"href":"https:\/\/www.duranlar.com.tr\/duranlar\/wp-json\/wp\/v2\/pages"}],"about":[{"href":"https:\/\/www.duranlar.com.tr\/duranlar\/wp-json\/wp\/v2\/types\/page"}],"author":[{"embeddable":true,"href":"https:\/\/www.duranlar.com.tr\/duranlar\/wp-json\/wp\/v2\/users\/1"}],"replies":[{"embeddable":true,"href":"https:\/\/www.duranlar.com.tr\/duranlar\/wp-json\/wp\/v2\/comments?post=1561"}],"version-history":[{"count":5,"href":"https:\/\/www.duranlar.com.tr\/duranlar\/wp-json\/wp\/v2\/pages\/1561\/revisions"}],"predecessor-version":[{"id":1780,"href":"https:\/\/www.duranlar.com.tr\/duranlar\/wp-json\/wp\/v2\/pages\/1561\/revisions\/1780"}],"wp:attachment":[{"href":"https:\/\/www.duranlar.com.tr\/duranlar\/wp-json\/wp\/v2\/media?parent=1561"}],"curies":[{"name":"wp","href":"https:\/\/api.w.org\/{rel}","templated":true}]}}